{"id":1401,"date":"2023-01-09T21:48:44","date_gmt":"2023-01-09T20:48:44","guid":{"rendered":"https:\/\/gs-breitenhagen.de\/?page_id=1401"},"modified":"2023-05-23T18:06:43","modified_gmt":"2023-05-23T16:06:43","slug":"foerderverein","status":"publish","type":"page","link":"https:\/\/gs-breitenhagen.de\/?page_id=1401","title":{"rendered":"F\u00f6rderverein"},"content":{"rendered":"\n<p><style>\/*! elementor - v3.10.0 - 09-01-2023 *\/<br \/>\n.elementor-heading-title{padding:0;margin:0;line-height:1}.elementor-widget-heading .elementor-heading-title[class*=elementor-size-]>a{color:inherit;font-size:inherit;line-height:inherit}.elementor-widget-heading .elementor-heading-title.elementor-size-small{font-size:15px}.elementor-widget-heading .elementor-heading-title.elementor-size-medium{font-size:19px}.elementor-widget-heading .elementor-heading-title.elementor-size-large{font-size:29px}.elementor-widget-heading .elementor-heading-title.elementor-size-xl{font-size:39px}.elementor-widget-heading .elementor-heading-title.elementor-size-xxl{font-size:59px}<\/style><\/p>\n\n\n\n<p><strong>Unser F\u00f6rderverein<\/strong><\/p>\n\n\n\n<p><strong>Werden Sie Mitglied!<\/strong><\/p>\n\n\n\n<p>Zu Zeiten schmaler werdender st\u00e4dtischer Budgets f\u00fcr die Schulen musste zu Beginn der 90er Jahre \u00fcberlegt werden, wie die Ausstattung der Breitenhagener Schule den\u00adnoch weiter verbessert werden konnte. Die Qualit\u00e4t einer Schule h\u00e4ngt nicht nur vom Engagement der Lehrer, sondern auch von der materiellen Ausstattung ab. Ins\u00adbesondere reichte das Geld f\u00fcr Lehr- und Lernmittel, Pausenspielger\u00e4te, Ausstattung mit modernen Medien, usw. nicht aus.<\/p>\n\n\n\n<p>Um den Kindern trotzdem m\u00f6glichst optimale Bedingungen bieten zu k\u00f6nnen, wurde daher am 21.11.1991 ein F\u00f6rderverein gegr\u00fcndet, deren Mitglieder sich aus Eltern und Lehrern zusammensetzten. Zur Gr\u00fcndungsversammlung waren 33 Mitglieder erschienen. Unser F\u00f6rderverein&nbsp;erhielt eine ordentliche Satzung, auf Grund derer er beim Amtsgericht eingetragen werden konnte. Auch erhielt er beim Finanzamt den Status der Gemeinn\u00fctzigkeit. Im Jahre 1992 waren 98 Personen Mitglied des F\u00f6rdervereins. Zurzeit hat der F\u00f6rderverein ca. 52 Mitglieder.<\/p>\n\n\n\n<p>Die Einnahmen des F\u00f6rdervereins stammen zum einen aus den Mitgliedsbeitr\u00e4gen, zum anderen aus Spenden und Einnahmen bei besonderen Veranstaltungen wie Schulfesten, Flohm\u00e4rkten und&nbsp;Sportfesten. Dabei engagierten sich immer wieder Mitglieder des Vereins sehr stark durch Bewirtungsaktionen.<\/p>\n\n\n\n<p>Mit diesen Geldern wurden jedes Jahr Anschaffungen gemacht, die den Kindern der Schule direkt zugutekamen:<\/p>\n\n\n\n<ul class=\"wp-block-list\">\n<li>B\u00fchnenanlage f\u00fcr die Pausenhalle<\/li>\n\n\n\n<li>Ausstattung unseres Pausenhofs mit hochwertigen Spielger\u00e4ten<\/li>\n\n\n\n<li>Spiele und Ausstattungen f\u00fcr die Regenpausen<\/li>\n\n\n\n<li>finanzielle \u00dcbernahme eines wiederkehrenden \u201egesunden Fr\u00fchst\u00fccks\u201c<\/li>\n\n\n\n<li>Computer<\/li>\n\n\n\n<li>Tischgarnituren und Pavillons f\u00fcr Feste<\/li>\n\n\n\n<li>Werkraumausstattung<\/li>\n\n\n\n<li>Finanzielle Unterst\u00fctzung sozial schwacher Kinder bei Klassenfahrten<\/li>\n\n\n\n<li>Spielger\u00e4te auf dem Schulhof<\/li>\n\n\n\n<li>Unterst\u00fctzung der Klassenkassen<\/li>\n\n\n\n<li>gesundes Fr\u00fchst\u00fcck<\/li>\n\n\n\n<li>Unterst\u00fctzung des Kunstprojektes 2011<\/li>\n\n\n\n<li>Stadtf\u00fchrungen<\/li>\n\n\n\n<li>Zuschuss f\u00fcr Lesefitness-Test<\/li>\n\n\n\n<li>Unterst\u00fctzung des Projektes \u201eKlasse wie singen!\u201c im Jahr 2013<\/li>\n\n\n\n<li>Sponsorenlauf f\u00fcr das Kinderhospiz Olpe 2014<\/li>\n\n\n\n<li>Bau der Miniph\u00e4nomentaexponate im Jahr 2015<\/li>\n\n\n\n<li>Sponsorenlauf f\u00fcr das Kinderhospiz Olpe 2016<\/li>\n\n\n\n<li>Finanzierung unseres gro\u00dfen Zirkusprojektes 2016<\/li>\n\n\n\n<li>Anschaffung: hochwertige Fu\u00dfb\u00e4lle f\u00fcr die Pause 2017<\/li>\n\n\n\n<li>Anschaffung: Spiele f\u00fcr die Regenpause 2017<\/li>\n\n\n\n<li>Anschaffung: 24 Kopfh\u00f6rer f\u00fcr den PC-Raum 2017<\/li>\n\n\n\n<li>Anschaffung: 20 Tischtennisschl\u00e4ger f\u00fcr die Tischtennis-AG 2018<\/li>\n\n\n\n<li>Unterst\u00fctzung des Projektes \u201eKlasse wie singen!\u201c im Jahr 2019<\/li>\n\n\n\n<li>Anschaffung: Pausenspiele f\u00fcr unsere Ausleihe 2019<\/li>\n\n\n\n<li>Anschaffung: alle Klassen erhielten Bluetooth-Lautsprecher 2019<\/li>\n<\/ul>\n\n\n\n<p>Leider zeigt sich die Tendenz in den Mitgliederzahlen in den letzten Jahren fallend. Um die Schule weiterhin im gleichen Ma\u00dfe bei der Ausstattung unterst\u00fctzen zu k\u00f6nnen, muss k\u00fcnftig die Mitgliederwerbung verst\u00e4rkt werden.<\/p>\n\n\n\n<p><style>\/*! elementor - v3.10.0 - 09-01-2023 *\/<br \/>\n.elementor-column .elementor-spacer-inner{height:var(--spacer-size)}.e-con{--container-widget-width:100%}.e-con-inner>.elementor-widget-spacer,.e-con>.elementor-widget-spacer{width:var(--container-widget-width,var(--spacer-size));--align-self:var(--container-widget-align-self,initial);--flex-shrink:0}.e-con-inner>.elementor-widget-spacer>.elementor-widget-container,.e-con-inner>.elementor-widget-spacer>.elementor-widget-container>.elementor-spacer,.e-con>.elementor-widget-spacer>.elementor-widget-container,.e-con>.elementor-widget-spacer>.elementor-widget-container>.elementor-spacer{height:100%}.e-con-inner>.elementor-widget-spacer>.elementor-widget-container>.elementor-spacer>.elementor-spacer-inner,.e-con>.elementor-widget-spacer>.elementor-widget-container>.elementor-spacer>.elementor-spacer-inner{height:var(--container-widget-height,var(--spacer-size))}<\/style><\/p>\n\n\n\n<h2 class=\"wp-block-heading\">Antrag<\/h2>\n\n\n\n<p><\/p>\n\n\n\n<p><\/p>\n\n\n\n<p><strong>Unser Vorstand<\/strong><\/p>\n\n\n\n<figure class=\"wp-block-table\"><table><tbody><tr><td>Funktion<\/td><td>Name<\/td><\/tr><tr><td>Vorsitz<\/td><td>Herr Nierhoff<\/td><\/tr><tr><td>Stellv. Vorsitz:<\/td><td>Herr Escher<\/td><\/tr><tr><td>Kassenwartin:<\/td><td>Frau Rossmann<\/td><\/tr><tr><td>Stellv. Kassenwart:<\/td><td>&#8212;<\/td><\/tr><tr><td>Schriftf\u00fchrerin:<\/td><td>Ina W\u00e4lter<\/td><\/tr><tr><td>Stellv. Schriftf\u00fchrerin:<\/td><td>Sabine Herten<\/td><\/tr><tr><td>Mitglied Kollegium:<\/td><td>J\u00f6rg Schl\u00fcter<\/td><\/tr><tr><td>Kassenpr\u00fcferIn:<\/td><td>Frau Kramer, J\u00f6rg Schl\u00fcter<\/td><\/tr><\/tbody><\/table><\/figure>\n","protected":false},"excerpt":{"rendered":"<p>Unser F\u00f6rderverein Werden Sie Mitglied! Zu Zeiten schmaler werdender st\u00e4dtischer Budgets f\u00fcr die Schulen musste zu Beginn der 90er Jahre \u00fcberlegt werden, wie die Ausstattung der Breitenhagener Schule den\u00adnoch weiter verbessert werden konnte. Die Qualit\u00e4t einer Schule h\u00e4ngt nicht nur vom Engagement der Lehrer, sondern auch von der materiellen Ausstattung ab. Ins\u00adbesondere reichte das Geld [&hellip;]<\/p>\n","protected":false},"author":1,"featured_media":0,"parent":0,"menu_order":0,"comment_status":"closed","ping_status":"closed","template":"","meta":{"footnotes":""},"class_list":["post-1401","page","type-page","status-publish","hentry","entry"],"_links":{"self":[{"href":"https:\/\/gs-breitenhagen.de\/index.php?rest_route=\/wp\/v2\/pages\/1401","targetHints":{"allow":["GET"]}}],"collection":[{"href":"https:\/\/gs-breitenhagen.de\/index.php?rest_route=\/wp\/v2\/pages"}],"about":[{"href":"https:\/\/gs-breitenhagen.de\/index.php?rest_route=\/wp\/v2\/types\/page"}],"author":[{"embeddable":true,"href":"https:\/\/gs-breitenhagen.de\/index.php?rest_route=\/wp\/v2\/users\/1"}],"replies":[{"embeddable":true,"href":"https:\/\/gs-breitenhagen.de\/index.php?rest_route=%2Fwp%2Fv2%2Fcomments&post=1401"}],"version-history":[{"count":26,"href":"https:\/\/gs-breitenhagen.de\/index.php?rest_route=\/wp\/v2\/pages\/1401\/revisions"}],"predecessor-version":[{"id":1963,"href":"https:\/\/gs-breitenhagen.de\/index.php?rest_route=\/wp\/v2\/pages\/1401\/revisions\/1963"}],"wp:attachment":[{"href":"https:\/\/gs-breitenhagen.de\/index.php?rest_route=%2Fwp%2Fv2%2Fmedia&parent=1401"}],"curies":[{"name":"wp","href":"https:\/\/api.w.org\/{rel}","templated":true}]}}